{"id":101,"date":"2018-11-27T10:42:43","date_gmt":"2018-11-27T09:42:43","guid":{"rendered":"http:\/\/www.isonlab.info\/solaDobrdob\/?page_id=101"},"modified":"2025-01-09T11:27:43","modified_gmt":"2025-01-09T11:27:43","slug":"contatti","status":"publish","type":"page","link":"https:\/\/vsdoberdob.edu.it\/sl\/contatti\/","title":{"rendered":"Kontakti"},"content":{"rendered":"<div class=\"table-responsive\"><table class=\"table  table-striped table-bordered table-hover\"  border=\"0\" width=\"98%\" cellspacing=\"0\" cellpadding=\"8\">\n<tbody>\n<tr>\n<td width=\"39%\">RAVNATELJICA<\/td>\n<td width=\"38%\">SONJA KLANJ\u0160\u010cEK<\/td>\n<td width=\"23%\">tel. \u0161t. 0481 &#8211; 784742<\/td>\n<\/tr>\n<tr>\n<td>NAMESTNIK RAVNATELJICE<\/td>\n<td>FRANCESCA BRUNO<\/td>\n<td>tel. \u0161t. 0481 &#8211; 784742<\/td>\n<\/tr>\n<tr>\n<td>GLAVNA TAJNICA<\/td>\n<td>PETRA DEVETAK<\/td>\n<td>tel. \u0161t. 0481 &#8211; 784742<\/td>\n<\/tr>\n<tr>\n<td>POMO\u017dNA TAJNICA<\/td>\n<td>MARTA FERLETI\u010c<\/td>\n<td>tel. \u0161t. 0481 &#8211; 784742<\/td>\n<\/tr>\n<tr>\n<td>POMO\u017dNA TAJNICA<\/td>\n<td>GIANNA KOSI\u010c<\/td>\n<td>tel. \u0161t. 0481 &#8211; 784742<\/td>\n<\/tr>\n<tr>\n<td>POMO\u017dNA TAJNICA<\/td>\n<td>KRISTINA KOVIC<\/td>\n<td>tel. \u0161t. 0481 &#8211; 784742<\/td>\n<\/tr>\n<tr>\n<td>POMO\u017dNI TAJNIK<\/td>\n<td>BORIS MERMOLJA<\/td>\n<td>tel. \u0161t. 0481 &#8211; 784742<\/td>\n<\/tr>\n<tr>\n<td>TEHNIK<\/td>\n<td>SIMON KOMJANC<\/td>\n<td>tel. \u0161t. 0481 &#8211; 784742<\/td>\n<\/tr>\n<\/tbody>\n<\/table><\/div>\n<p><span style=\"font-size: 14pt;\">MAIL:\u00a0<a href=\"mailto:GOIC81100L@istruzione.it\">GOIC81100L@istruzione.it<\/a><\/span><\/p>\n<p><span style=\"font-size: 14pt;\">PEC:\u00a0<a href=\"mailto:GOIC81100L@pec.istruzione.it\">GOIC81100L@pec.istruzione.it<\/a><\/span><\/p>\n\n\n<p><strong>URNIK ZA STRANKE \u2013 ORARIO PER IL PUBBLICO<\/strong><\/p>\n\n\n\n<p><strong>OD \u2013 DAL 07\/01\/2025<\/strong><\/p>\n\n\n\n<figure class=\"wp-block-table\"><div class=\"table-responsive\"><table class=\"table  table-striped table-bordered table-hover\"  class=\"has-fixed-layout\"><tbody><tr><td>PonedeljekLuned\u00ec<\/td><td>TorekMarted\u00ec<\/td><td>SredaMercoled\u00ec<\/td><td>\u010cetrtekGioved\u00ec<\/td><td>PetekVenerd\u00ec<\/td><td>SobotaSabato<\/td><\/tr><tr><td><strong>07:30 \u2013 09:30<\/strong><\/td><td><strong>10.30-12.30<\/strong><\/td><td><strong>07:30 \u2013 09:30<\/strong><\/td><td><strong>10.30-12.30<\/strong><\/td><td><strong>07.30-9:30<\/strong><\/td><td><strong>zaprto\/chiuso<\/strong><\/td><\/tr><tr><td><strong>13.30-15.30<\/strong><\/td><td><strong>14.30-16.30<\/strong><\/td><td><strong>14.30-16.30<\/strong><\/td><td>&nbsp;<\/td><td>&nbsp;<\/td><td>&nbsp;<\/td><\/tr><\/tbody><\/table><\/div><\/figure>\n\n\n\n<p>Ravnateljica sprejma vedno po dogovoru.<br>La Dirigente Scolastica riceve previo appuntamento..<\/p>\n","protected":false},"excerpt":{"rendered":"<p>RAVNATELJICA SONJA KLANJ\u0160\u010cEK tel. \u0161t. 0481 &#8211; 784742 NAMESTNIK RAVNATELJICE FRANCESCA BRUNO tel. \u0161t. 0481 &#8211; 784742 GLAVNA TAJNICA PETRA DEVETAK tel. \u0161t. 0481 &#8211; 784742 POMO\u017dNA TAJNICA MARTA FERLETI\u010c tel. \u0161t. 0481 &#8211; 784742 POMO\u017dNA [&hellip;]<\/p>\n","protected":false},"author":5,"featured_media":0,"parent":0,"menu_order":0,"comment_status":"closed","ping_status":"closed","template":"","meta":{"footnotes":""},"tags":[],"class_list":["post-101","page","type-page","status-publish","hentry"],"_links":{"self":[{"href":"https:\/\/vsdoberdob.edu.it\/sl\/wp-json\/wp\/v2\/pages\/101","targetHints":{"allow":["GET"]}}],"collection":[{"href":"https:\/\/vsdoberdob.edu.it\/sl\/wp-json\/wp\/v2\/pages"}],"about":[{"href":"https:\/\/vsdoberdob.edu.it\/sl\/wp-json\/wp\/v2\/types\/page"}],"author":[{"embeddable":true,"href":"https:\/\/vsdoberdob.edu.it\/sl\/wp-json\/wp\/v2\/users\/5"}],"replies":[{"embeddable":true,"href":"https:\/\/vsdoberdob.edu.it\/sl\/wp-json\/wp\/v2\/comments?post=101"}],"version-history":[{"count":6,"href":"https:\/\/vsdoberdob.edu.it\/sl\/wp-json\/wp\/v2\/pages\/101\/revisions"}],"predecessor-version":[{"id":9189,"href":"https:\/\/vsdoberdob.edu.it\/sl\/wp-json\/wp\/v2\/pages\/101\/revisions\/9189"}],"wp:attachment":[{"href":"https:\/\/vsdoberdob.edu.it\/sl\/wp-json\/wp\/v2\/media?parent=101"}],"wp:term":[{"taxonomy":"post_tag","embeddable":true,"href":"https:\/\/vsdoberdob.edu.it\/sl\/wp-json\/wp\/v2\/tags?post=101"}],"curies":[{"name":"wp","href":"https:\/\/api.w.org\/{rel}","templated":true}]}}